{"id":35,"date":"2014-03-16T13:46:24","date_gmt":"2014-03-16T13:46:24","guid":{"rendered":"http:\/\/debaleas.blogaliza.org\/?page_id=35"},"modified":"2014-03-16T13:46:24","modified_gmt":"2014-03-16T13:46:24","slug":"no-muinho-inicial","status":"publish","type":"page","link":"https:\/\/luagris.net\/debaleas\/?page_id=35","title":{"rendered":""},"content":{"rendered":"<p><em>chora meu meni\u00f1o<br \/>\nchora<\/p>\n<p>quen che vai dar a teta?<\/p>\n<p>se t\u00faa nai vai na f\u00e1brica<br \/>\nna folga<br \/>\nna cola do paro<\/p>\n<p>teu pai no sindicato<br \/>\nno mar do norte<br \/>\n<\/em><\/p>\n<p>o todo silencio escuro<br \/>\na envolver<br \/>\no teu s\u00f3 silencio feble<\/p>\n<p>o espazo no que medras<br \/>\no mundo<br \/>\ncontendo a respiraci\u00f3n<\/p>\n<p>o d\u00eda xa marchou<\/p>\n<p>e na escuridade pecha<br \/>\npodes sentir<br \/>\ndous corpos a abalarte<br \/>\ncon sonos intranquilos<\/p>\n<p>igual ma\u00f1\u00e1 non hai<br \/>\npan<\/p>\n<p>pero hai xermolo<\/p>\n<p><em>que t\u00faa nai<br \/>\nlimpa na casa dos ricos<\/p>\n<p>frega as sobras da farta<\/p>\n<p>e teu pai escribe curr\u00edculos<br \/>\nque son papel<br \/>\nmollado<\/em><\/p>\n<p>e no silencio<br \/>\nsentes medrar<\/p>\n<p>apreixas<br \/>\ncalquera f\u00edo de luz<br \/>\nde chuvia ou gris<br \/>\na esvarar polas contras<\/p>\n<p>procuras<br \/>\nos sons da r\u00faa<\/p>\n<p>do mar<\/p>\n<p>o canto da balea<br \/>\nque fai coas t\u00faas<br \/>\nb\u00e1goas<br \/>\nun acorde<br \/>\nalgo disonante<\/p>\n<p><em>e se t\u00faa nai<br \/>\ncose bot\u00f3ns por milleiros<\/p>\n<p>teu pai na barricada<br \/>\n<\/em><\/p>\n<p>e ao chegar a tarde<br \/>\nregresan<\/p>\n<p>cansos como de arar<\/p>\n<p>co son do vento<br \/>\no repenique<br \/>\nda chuvia nas costas<\/p>\n<p>dorme<br \/>\nmeu meni\u00f1o<br \/>\ndorme<\/p>\n<p>que haber\u00e1 recendo<br \/>\na caldo limpo<br \/>\ne pan de onte<\/p>\n<p>se o mollas<br \/>\nench\u00f3upase<br \/>\ncomo unha idea<\/p>\n<p>e medra e quita<br \/>\na tristura<\/p>\n<p>mira a luz<br \/>\ncomo se escorrega<br \/>\npolas contras<\/p>\n<p>e o arrolo<br \/>\nda balea<\/p>\n<p>dorme<br \/>\nso\u00f1a meu meni\u00f1o<\/p>\n<p>imaxina<br \/>\nque se abre a fiestra<br \/>\ne co aire salgado<br \/>\nal\u00e1 no final v\u00e9n<br \/>\nun horizonte<\/p>\n<p>(<a href=\"http:\/\/debaleas.blogaliza.org\/textos\/no-muinho\/\">ir \u00e1 versi\u00f3n actual<\/a>)<\/p>\n","protected":false},"excerpt":{"rendered":"<p>chora meu meni\u00f1o chora quen che vai dar a teta? se t\u00faa nai vai na f\u00e1brica na folga na cola do paro teu pai no sindicato no mar do norte o todo silencio escuro a envolver o teu s\u00f3 silencio feble o espazo no que medras o mundo contendo a respiraci\u00f3n o d\u00eda xa marchou [&hellip;]<\/p>\n","protected":false},"author":3,"featured_media":0,"parent":7,"menu_order":101,"comment_status":"closed","ping_status":"closed","template":"","meta":{"footnotes":""},"class_list":["post-35","page","type-page","status-publish","hentry"],"_links":{"self":[{"href":"https:\/\/luagris.net\/debaleas\/index.php?rest_route=\/wp\/v2\/pages\/35","targetHints":{"allow":["GET"]}}],"collection":[{"href":"https:\/\/luagris.net\/debaleas\/index.php?rest_route=\/wp\/v2\/pages"}],"about":[{"href":"https:\/\/luagris.net\/debaleas\/index.php?rest_route=\/wp\/v2\/types\/page"}],"author":[{"embeddable":true,"href":"https:\/\/luagris.net\/debaleas\/index.php?rest_route=\/wp\/v2\/users\/3"}],"replies":[{"embeddable":true,"href":"https:\/\/luagris.net\/debaleas\/index.php?rest_route=%2Fwp%2Fv2%2Fcomments&post=35"}],"version-history":[{"count":0,"href":"https:\/\/luagris.net\/debaleas\/index.php?rest_route=\/wp\/v2\/pages\/35\/revisions"}],"up":[{"embeddable":true,"href":"https:\/\/luagris.net\/debaleas\/index.php?rest_route=\/wp\/v2\/pages\/7"}],"wp:attachment":[{"href":"https:\/\/luagris.net\/debaleas\/index.php?rest_route=%2Fwp%2Fv2%2Fmedia&parent=35"}],"curies":[{"name":"wp","href":"https:\/\/api.w.org\/{rel}","templated":true}]}}