{"id":279,"date":"2016-01-18T08:24:04","date_gmt":"2016-01-18T08:24:04","guid":{"rendered":"http:\/\/luagris.net\/debaleas\/?page_id=279"},"modified":"2016-03-24T11:13:06","modified_gmt":"2016-03-24T11:13:06","slug":"279-2","status":"publish","type":"page","link":"https:\/\/luagris.net\/debaleas\/?page_id=279","title":{"rendered":""},"content":{"rendered":"<p>sobre a mesa dun bar<br \/>\no poeta ra\u00fal<br \/>\ngonz\u00e1lez tu\u00f1\u00f3n espalla<br \/>\nfotogramas de infancia en boedo <\/p>\n<blockquote><p>(ou en calquera outro recanto<br \/>\nou recordo)<\/p><\/blockquote>\n<p>&nbsp;<\/p>\n<p>na pel\u00edcula hai r\u00faas anegadas <\/p>\n<blockquote><p>(no so\u00f1o t\u00f3rnase venecia<\/p>\n<p>e ch\u00e1mase noia ou fisterra)<\/p><\/blockquote>\n<p>&nbsp;<\/p>\n<p>pero tal vez o poeta confunda<br \/>\nhistorias de seu pai <\/p>\n<p>ficci\u00f3ns doutra nostalxia<\/p>\n<p>&nbsp;<\/p>\n<p>o relato \u00e9 en branco e negro<br \/>\ne ten barcos nas r\u00faas<br \/>\ne os nenos chapuzan e corren e rin<\/p>\n<p>&nbsp;<\/p>\n<p>e acaso de fondo<br \/>\npoida intu\u00edrse na n\u00e9boa<br \/>\nun porto baleeiro<br \/>\ne cad\u00e1veres de cachalotes<\/p>\n<p>&nbsp;<\/p>\n<p>nunca navegou<br \/>\nbalea<br \/>\npolo r\u00edo que transcorre<br \/>\ndebaixo da ponte <\/p>\n<p>houbo algunha vez unha noria<\/p>\n<p>pero agora \u00e9 nome<br \/>\ne nos cabalos de madeira<br \/>\nnon montan nenos tristes<\/p>\n<p>&nbsp;<\/p>\n<p>resoa a pianola no empedrado<br \/>\nnos recordos (inventados) do poeta<\/p>\n<p>e a chuvia<br \/>\ncando repenica sobre a inundaci\u00f3n<br \/>\nesl\u00fae a memoria<br \/>\n&nbsp;<\/p>\n<p>&gt;&gt; <a href=\"http:\/\/luagris.net\/debaleas\/?p=300\">alg\u00fans retoques n&#8217;os so\u00f1os de tu\u00f1\u00f3n<\/a><br \/>\n&gt;&gt; <a href=\"http:\/\/luagris.net\/debaleas\/?p=283\">os so\u00f1os de tu\u00f1\u00f3n<\/a><br \/>\n&gt;&gt; <a href=\"http:\/\/luagris.net\/debaleas\/?p=281\">versi\u00f3n inicial<\/a><\/p>\n","protected":false},"excerpt":{"rendered":"<p>sobre a mesa dun bar o poeta ra\u00fal gonz\u00e1lez tu\u00f1\u00f3n espalla fotogramas de infancia en boedo (ou en calquera outro recanto ou recordo) &nbsp; na pel\u00edcula hai r\u00faas anegadas (no so\u00f1o t\u00f3rnase venecia e ch\u00e1mase noia ou fisterra) &nbsp; pero tal vez o poeta confunda historias de seu pai ficci\u00f3ns doutra nostalxia &nbsp; o relato [&hellip;]<\/p>\n","protected":false},"author":3,"featured_media":0,"parent":0,"menu_order":0,"comment_status":"closed","ping_status":"closed","template":"","meta":{"footnotes":""},"class_list":["post-279","page","type-page","status-publish","hentry"],"_links":{"self":[{"href":"https:\/\/luagris.net\/debaleas\/index.php?rest_route=\/wp\/v2\/pages\/279","targetHints":{"allow":["GET"]}}],"collection":[{"href":"https:\/\/luagris.net\/debaleas\/index.php?rest_route=\/wp\/v2\/pages"}],"about":[{"href":"https:\/\/luagris.net\/debaleas\/index.php?rest_route=\/wp\/v2\/types\/page"}],"author":[{"embeddable":true,"href":"https:\/\/luagris.net\/debaleas\/index.php?rest_route=\/wp\/v2\/users\/3"}],"replies":[{"embeddable":true,"href":"https:\/\/luagris.net\/debaleas\/index.php?rest_route=%2Fwp%2Fv2%2Fcomments&post=279"}],"version-history":[{"count":5,"href":"https:\/\/luagris.net\/debaleas\/index.php?rest_route=\/wp\/v2\/pages\/279\/revisions"}],"predecessor-version":[{"id":302,"href":"https:\/\/luagris.net\/debaleas\/index.php?rest_route=\/wp\/v2\/pages\/279\/revisions\/302"}],"wp:attachment":[{"href":"https:\/\/luagris.net\/debaleas\/index.php?rest_route=%2Fwp%2Fv2%2Fmedia&parent=279"}],"curies":[{"name":"wp","href":"https:\/\/api.w.org\/{rel}","templated":true}]}}