{"id":43,"date":"2009-05-07T16:16:42","date_gmt":"2009-05-07T14:16:42","guid":{"rendered":"http:\/\/eduardoestevez.blogaliza.org\/?page_id=43"},"modified":"2009-05-07T16:16:42","modified_gmt":"2009-05-07T14:16:42","slug":"mapas-para-describir-a-ausencia","status":"publish","type":"page","link":"https:\/\/luagris.net\/blog\/?page_id=43","title":{"rendered":""},"content":{"rendered":"<table border=\"0\" cellspacing=\"0\" cellpadding=\"0\" width=\"500\" bgcolor=\"#DDDDDD\">\n<tbody>\n<tr>\n<td height=\"18\" width=\"391\" align=\"right\">\n<span class=\"body\"><br \/>\nmapas para describir a ausencia<br \/>\n<\/span><\/td>\n<td width=\"20\"><\/td>\n<td height=\"18\" width=\"89\" align=\"center\" valign=\"middle\">\n<img loading=\"lazy\" src=\"http:\/\/farm4.static.flickr.com\/3663\/3446684191_d9193f5230.jpg?v=0\" alt=\"derrotas\" width=\"150\" height=\"105\" \/>\n<\/td>\n<\/tr>\n<\/tbody>\n<\/table>\n<p class=\"poemas\">&nbsp;<\/p>\n<p class=\"poemas\"><strong>I<\/strong><\/p>\n<p class=\"poemas\">&nbsp;<\/p>\n<p class=\"poemas\">respiro<br \/>\nde<br \/>\nvagar<\/p>\n<p class=\"poemas\">e co aire atraveso<br \/>\nmares<br \/>\nmonta\u00f1as<\/p>\n<p class=\"poemas\">o espacio que separa<br \/>\nos nosos<br \/>\n(propios)<br \/>\nsilencios<\/p>\n<p class=\"poemas\">&nbsp;<\/p>\n<p><img src=\"http:\/\/farm4.static.flickr.com\/3635\/3450031852_c7b8c2a6c3.jpg?v=0\" alt=\"null\" \/><\/p>\n<p class=\"poemas\">&nbsp;<\/p>\n<p class=\"poemas\">apreixei o teu ollar<br \/>\ncun golpe de man<\/p>\n<p class=\"poemas\">detiven a t\u00faa boca<br \/>\nno medio da mar\u00e9<br \/>\ncanda a mi\u00f1a<\/p>\n<p class=\"poemas\">no medio do vento<br \/>\nimpas\u00edbel<br \/>\nna fiestra<br \/>\nbate<br \/>\nno medio<br \/>\ne medio da noite<\/p>\n<p class=\"poemas\">&nbsp;<\/p>\n<p><img src=\"http:\/\/farm4.static.flickr.com\/3635\/3450031852_c7b8c2a6c3.jpg?v=0\" alt=\"null\" \/><\/p>\n<p class=\"poemas\">&nbsp;<\/p>\n<p class=\"poemas\">no medio da noite<br \/>\nfomos felices<\/p>\n<p class=\"poemas\">apalpamos cada intre<br \/>\ndos nosos corpos salgados<\/p>\n<p class=\"poemas\">memorizamos todas<br \/>\nas letras da soidade<\/p>\n<p class=\"poemas\">pecharei a t\u00faa boca<br \/>\ncon sal con cal e canto<br \/>\nna mi\u00f1a<\/p>\n<p class=\"poemas\">mordereiche o veleno<br \/>\nda pel<br \/>\no sangue acedo<\/p>\n<p class=\"poemas\">e pola ma\u00f1\u00e1<br \/>\ndesprendereime das sabas<br \/>\ncon esforzo<\/p>\n<p class=\"poemas\">e debaixo da auga<br \/>\ncumprirei cos rituais<\/p>\n<p class=\"poemas\">marcharei cando a\u00ednda<br \/>\nnon espertes<\/p>\n<p class=\"poemas\">procurarei en van<br \/>\ntodo o d\u00eda<br \/>\nos teus pasos na r\u00faa<\/p>\n<p class=\"poemas\">&nbsp;<\/p>\n<p><img src=\"http:\/\/farm4.static.flickr.com\/3635\/3450031852_c7b8c2a6c3.jpg?v=0\" alt=\"null\" \/><\/p>\n<p class=\"poemas\">&nbsp;<\/p>\n<p class=\"poemas\">deitada sobre mapoulas<br \/>\nn\u00faa<br \/>\ncuberta de paxaros<\/p>\n<p class=\"poemas\">&nbsp;<\/p>\n<p><img src=\"http:\/\/farm4.static.flickr.com\/3635\/3450031852_c7b8c2a6c3.jpg?v=0\" alt=\"null\" \/><\/p>\n<p class=\"poemas\">&nbsp;<\/p>\n<p class=\"poemas\">de madrugada<br \/>\na sala t\u00ednxese co neon da r\u00faa<\/p>\n<p class=\"poemas\">verde<br \/>\nvermello<br \/>\nverde<br \/>\nvermello<\/p>\n<p class=\"poemas\">eu<br \/>\nno sof\u00e1<\/p>\n<p class=\"poemas\">pausa<\/p>\n<p class=\"poemas\">vermello<br \/>\nverde<br \/>\nvermello<\/p>\n<p class=\"poemas\">&nbsp;<\/p>\n<p><img src=\"http:\/\/farm4.static.flickr.com\/3635\/3450031852_c7b8c2a6c3.jpg?v=0\" alt=\"null\" \/><\/p>\n<p class=\"poemas\">&nbsp;<\/p>\n<p class=\"poemas\">ag\u00e1rdote<\/p>\n<p class=\"poemas\">chegar\u00e1s de certo<br \/>\nesta noite<\/p>\n<p class=\"poemas\">amarasme coas mans<br \/>\ncoas plumas<\/p>\n<p class=\"poemas\">cos infindos paxaros da t\u00faa boca<\/p>\n<p class=\"poemas\">&nbsp;<\/p>\n<p><img src=\"http:\/\/farm4.static.flickr.com\/3635\/3450031852_c7b8c2a6c3.jpg?v=0\" alt=\"null\" \/><\/p>\n<p class=\"poemas\">&nbsp;<\/p>\n<p class=\"poemas\">nunha caixa de madeira<br \/>\ngardo<br \/>\nvoces que amei<\/p>\n<p class=\"poemas\">a lembranza dun corpo<br \/>\nantigo e fr\u00e1xil<\/p>\n<p class=\"poemas\">no escritorio<br \/>\nunha carta<br \/>\ndatada en 1927<\/p>\n<p class=\"poemas\">recendos e follas<\/p>\n<p class=\"poemas\">d\u00faas lembranzas<\/p>\n<p class=\"poemas\">a imaxe de algo morto<\/p>\n<p class=\"poemas\">&nbsp;<\/p>\n<p><img src=\"http:\/\/farm4.static.flickr.com\/3635\/3450031852_c7b8c2a6c3.jpg?v=0\" alt=\"null\" \/><\/p>\n<p class=\"poemas\">&nbsp;<\/p>\n<p class=\"poemas\"><em>d\u00f3eme unha muller<br \/>\nno corpo todo<\/em><\/p>\n<p class=\"poemas\">hai unha muller<br \/>\nnos meus ollos pechos<\/p>\n<p class=\"poemas\">&nbsp;<\/p>\n<p><img src=\"http:\/\/farm4.static.flickr.com\/3635\/3450031852_c7b8c2a6c3.jpg?v=0\" alt=\"null\" \/><\/p>\n<p class=\"poemas\">&nbsp;<\/p>\n<p class=\"poemas\">porque hei amarte<\/p>\n<p class=\"poemas\">co\u00f1ecerei cada recanto teu<\/p>\n<p class=\"poemas\">as b\u00e1goas<\/p>\n<p class=\"poemas\">porque has encher a calma<br \/>\ncos sons da t\u00faa lingua<\/p>\n<p class=\"poemas\">porque beberemos<br \/>\nxuntos<br \/>\nos zumes do insomnio<\/p>\n<p class=\"poemas\">&nbsp;<\/p>\n<p><img src=\"http:\/\/farm4.static.flickr.com\/3635\/3450031852_c7b8c2a6c3.jpg?v=0\" alt=\"null\" \/><\/p>\n<p class=\"poemas\">&nbsp;<\/p>\n<p class=\"poemas\">e fuxir\u00e1s co devalo<\/p>\n<p class=\"poemas\">e deixar\u00e1s o meu corpo<br \/>\ngris<\/p>\n<p class=\"poemas\">trazado<br \/>\nde cicatrices<\/p>\n<p class=\"poemas\">&nbsp;<\/p>\n<p><img src=\"http:\/\/farm4.static.flickr.com\/3635\/3450031852_c7b8c2a6c3.jpg?v=0\" alt=\"null\" \/><\/p>\n<p class=\"poemas\">&nbsp;<\/p>\n<p class=\"poemas\">&nbsp;<\/p>\n<p class=\"poemas\"><strong>II<\/strong><\/p>\n<p class=\"poemas\">&nbsp;<\/p>\n<p class=\"poemas\"><strong>1.<\/strong><\/p>\n<p class=\"poemas\">A gaiola non ten m\u00f3beis<br \/>\npero n\u00f3s somos capaces<br \/>\nde acubillarmos nela a quietude<br \/>\npudorosa mudez<\/p>\n<p class=\"poemas\">a gaiola \u00e9 unha estrutura aberta<br \/>\nunha torre sen cruces<br \/>\nnin murallas<br \/>\nerguendo-se nalgun lugar dos p\u00e1ramos<\/p>\n<p class=\"poemas\">&nbsp;<\/p>\n<p class=\"poemas\"><strong>2.<\/strong><\/p>\n<p class=\"poemas\">para que cerimonia se desenvolva<br \/>\nordenadamente<br \/>\ne o final sexa doado<br \/>\ncubriremos con area<br \/>\nos restos do naufraxio<\/p>\n<p class=\"poemas\">cunchas e argazo han borrar<br \/>\ntodo signo desta morte silenciosa<\/p>\n<p class=\"poemas\">para un deus<br \/>\nnon hai eternidade<\/p>\n<p class=\"poemas\">un deus non \u00e9<br \/>\nef\u00e9mero nin doente<\/p>\n<p class=\"poemas\">para un deus todo \u00e9 formoso e bon e xusto<br \/>\ne n\u00f3s<br \/>\nsombras esva\u00eddas<\/p>\n<p class=\"poemas\">&nbsp;<\/p>\n<p><img src=\"http:\/\/farm4.static.flickr.com\/3635\/3450031852_c7b8c2a6c3.jpg?v=0\" alt=\"null\" \/><\/p>\n<p class=\"poemas\">&nbsp;<\/p>\n<p class=\"poemas\">&nbsp;<\/p>\n<p class=\"poemas\"><strong>III<\/strong><\/p>\n<p class=\"poemas\">&nbsp;<\/p>\n<p class=\"poemas\">esta ma\u00f1\u00e1<br \/>\nao espertar<br \/>\npasoume unha tristeza<\/p>\n<p class=\"poemas\">e agora estou<br \/>\nque non podo chorar<br \/>\nnin mesmo b\u00e1goas<\/p>\n<p class=\"poemas\">&nbsp;<\/p>\n<p><img src=\"http:\/\/farm4.static.flickr.com\/3635\/3450031852_c7b8c2a6c3.jpg?v=0\" alt=\"null\" \/><\/p>\n<p class=\"poemas\">&nbsp;<\/p>\n<p class=\"poemas\">onde foi<br \/>\naquela sombra<br \/>\nde longos cabelos<\/p>\n<p class=\"poemas\">onde foi<\/p>\n<p class=\"poemas\">perdeuse polas r\u00faas<br \/>\nde cidades sen nome<\/p>\n<p class=\"poemas\">deixoume s\u00f3<\/p>\n<p class=\"poemas\">eu e mais o meu<br \/>\ncorpo afogado<br \/>\nnunha praia detida<\/p>\n<p class=\"poemas\">&nbsp;<\/p>\n<p><img src=\"http:\/\/farm4.static.flickr.com\/3635\/3450031852_c7b8c2a6c3.jpg?v=0\" alt=\"null\" \/><\/p>\n<p class=\"poemas\">&nbsp;<\/p>\n<p class=\"poemas\">un xard\u00edn de lilas<br \/>\nagocha \u00e1 que cala<br \/>\ncando \u00e9 noite<br \/>\ne todo est\u00e1 dito<\/p>\n<p class=\"poemas\">&nbsp;<\/p>\n<p><img src=\"http:\/\/farm4.static.flickr.com\/3635\/3450031852_c7b8c2a6c3.jpg?v=0\" alt=\"null\" \/><\/p>\n<p class=\"poemas\">&nbsp;<\/p>\n<p class=\"poemas\">cando a chuvia<br \/>\nmarche<br \/>\nhanos deixar<br \/>\nnus sobre a area<\/p>\n<p class=\"poemas\">s\u00f3 o fr\u00edo conter\u00e1<br \/>\no perfil dos corpos<\/p>\n<p class=\"poemas\">dous cadavres<br \/>\naterecidos<\/p>\n<p class=\"poemas\">sal e ondas<\/p>\n<p class=\"poemas\">&nbsp;<\/p>\n<p><img src=\"http:\/\/farm4.static.flickr.com\/3635\/3450031852_c7b8c2a6c3.jpg?v=0\" alt=\"null\" \/><\/p>\n<p class=\"poemas\">&nbsp;<\/p>\n<p class=\"poemas\">no escenario<br \/>\na chuvia bate no seu rostro<br \/>\nmentres se ergue dende os p\u00e9s e cae<br \/>\nfino alla notte<\/p>\n<p class=\"poemas\">&nbsp;<\/p>\n<p><img src=\"http:\/\/farm4.static.flickr.com\/3635\/3450031852_c7b8c2a6c3.jpg?v=0\" alt=\"null\" \/><\/p>\n<p class=\"poemas\">&nbsp;<\/p>\n<p class=\"poemas\">mora en min<br \/>\na escuridade<\/p>\n<p class=\"poemas\">e perd\u00edn as palabras<br \/>\ncoas que pronunciar a dor<\/p>\n<p class=\"poemas\">escribo poemas<br \/>\ncoma balbuce un neno<\/p>\n<p class=\"poemas\">vou por este mundo<br \/>\n\u00e1s apalpadas<br \/>\nprocurando un recanto<br \/>\ncoa mi\u00f1a forma<\/p>\n<p class=\"poemas\">un sitio<br \/>\nonde descansar en paz<\/p>\n<p class=\"poemas\">am\u00e9n<\/p>\n<p class=\"poemas\">&nbsp;<\/p>\n<p><img src=\"http:\/\/farm4.static.flickr.com\/3635\/3450031852_c7b8c2a6c3.jpg?v=0\" alt=\"null\" \/><\/p>\n<p class=\"poemas\">&nbsp;<\/p>\n<p class=\"poemas\">un poema<br \/>\npara a muller<br \/>\nsombra<br \/>\nque sa\u00fada dende o peirao<br \/>\no home que hai anos<br \/>\npartiu para a guerra<\/p>\n<p class=\"poemas\">&nbsp;<\/p>\n<p><img src=\"http:\/\/farm4.static.flickr.com\/3635\/3450031852_c7b8c2a6c3.jpg?v=0\" alt=\"null\" \/><\/p>\n<p class=\"poemas\">&nbsp;<\/p>\n<p class=\"poemas\">non marches<br \/>\nd\u00e9ixame pousar<br \/>\nno teu colo<\/p>\n<p class=\"poemas\">aloumi\u00f1a<br \/>\no meu cansazo<\/p>\n<p class=\"poemas\">furga entre as mi\u00f1as<br \/>\nplumas grises<\/p>\n<p class=\"poemas\">limpa o meu corpo<br \/>\nde feridas e silencios<\/p>\n<p class=\"poemas\">&nbsp;<\/p>\n<p><img src=\"http:\/\/farm4.static.flickr.com\/3635\/3450031852_c7b8c2a6c3.jpg?v=0\" alt=\"null\" \/><\/p>\n<p class=\"poemas\">&nbsp;<\/p>\n<p class=\"poemas\">na fin do mundo<br \/>\nunha muller<br \/>\ncando o tempo era<br \/>\ntan longo<br \/>\nque no cabiamos dentro<\/p>\n<p class=\"poemas\">sorr\u00eda mais<br \/>\nlembro<br \/>\nno rostro<br \/>\no pesar seu pola distancia<\/p>\n<p class=\"poemas\">como est\u00e1 na foto<br \/>\nsobre o moble da sala<\/p>\n<p class=\"poemas\">&nbsp;<\/p>\n<p><img src=\"http:\/\/farm4.static.flickr.com\/3635\/3450031852_c7b8c2a6c3.jpg?v=0\" alt=\"null\" \/><\/p>\n<p class=\"poemas\">&nbsp;<\/p>\n<blockquote>\n<p class=\"poemas\">a rafa villar<\/p>\n<\/blockquote>\n<p>o vento arrandea<br \/>\nas p\u00f3las<br \/>\nn\u00faas<br \/>\ndas \u00e1rbores<br \/>\nde todas as fragas que<br \/>\nacadan os meus ollos<br \/>\ndende aqu\u00ed<br \/>\npola fiestra<br \/>\ndo meu cuarto de agon\u00edas<\/p>\n<p><img src=\"http:\/\/farm4.static.flickr.com\/3635\/3450031852_c7b8c2a6c3.jpg?v=0\" alt=\"null\" \/><\/p>\n<p class=\"poemas\">&nbsp;<\/p>\n<p class=\"poemas\">as cidades que percorro<br \/>\nexisten s\u00f3<br \/>\nna memoria da pedra<\/p>\n<p class=\"poemas\">nas melod\u00edas dunha trompeta con sordina<\/p>\n<p class=\"poemas\">ou viol\u00edn ou acorde\u00f3n<br \/>\niso depende<\/p>\n<p><img src=\"http:\/\/farm4.static.flickr.com\/3635\/3450031852_c7b8c2a6c3.jpg?v=0\" alt=\"null\" \/><\/p>\n<p class=\"poemas\">&nbsp;<\/p>\n<blockquote>\n<p class=\"poemas\"><em>no hay nada m\u00e1s bello<br \/>\nque lo que nunca he tenido&#8230;<\/em><\/p>\n<\/blockquote>\n<p>apalpei<br \/>\nas s\u00faas b\u00e1goas<\/p>\n<p class=\"poemas\">o seu sorriso a me<br \/>\nafogar<br \/>\ncoma un beixo<\/p>\n<p class=\"poemas\">amei o seu<br \/>\nrostro<br \/>\ncomo lembranza<br \/>\ndun fillo<br \/>\nperdido no tempo<\/p>\n<p class=\"poemas\">e as s\u00faas mans pechas<br \/>\ncando durme<\/p>\n<p><img src=\"http:\/\/farm4.static.flickr.com\/3635\/3450031852_c7b8c2a6c3.jpg?v=0\" alt=\"null\" \/><\/p>\n<p class=\"poemas\">&nbsp;<\/p>\n<blockquote>\n<p class=\"poemas\"><em>&#8230;nada m\u00e1s amado<br \/>\nque lo que perd\u00ed<\/em><\/p>\n<\/blockquote>\n<p>memorizo<br \/>\na t\u00faa partida<\/p>\n<p class=\"poemas\">\u00e9 un oco no meu rostro<\/p>\n<p class=\"poemas\">unha canci\u00f3n ao lonxe<br \/>\nbatendo polos corredores<\/p>\n<p><img src=\"http:\/\/farm4.static.flickr.com\/3635\/3450031852_c7b8c2a6c3.jpg?v=0\" alt=\"null\" \/><\/p>\n<p class=\"poemas\">&nbsp;<\/p>\n<p class=\"poemas\">sempre esperei<br \/>\ncarta t\u00faa<\/p>\n<p class=\"poemas\">e agora xa non te\u00f1o<br \/>\na quen pedir perd\u00f3n<br \/>\npor non ser humano<\/p>\n<p class=\"poemas\">por non amar abondo<br \/>\no mar<\/p>\n<p class=\"poemas\">a muller<\/p>\n<p class=\"poemas\">o treb\u00f3n<\/p>\n<p><img src=\"http:\/\/farm4.static.flickr.com\/3635\/3450031852_c7b8c2a6c3.jpg?v=0\" alt=\"null\" \/><\/p>\n<p class=\"poemas\">&nbsp;<\/p>\n<p class=\"poemas\">conto na parede<br \/>\ndo ba\u00f1o azulexos<br \/>\nun<br \/>\ndous<br \/>\ntres<\/p>\n<p class=\"poemas\">o cuarto est\u00e1 roto<\/p>\n<p class=\"poemas\">o quinto ten debuxados<br \/>\nos mapas da mi\u00f1a morte<\/p>\n<p><img src=\"http:\/\/farm4.static.flickr.com\/3635\/3450031852_c7b8c2a6c3.jpg?v=0\" alt=\"null\" \/><\/p>\n<p class=\"poemas\">&nbsp;<\/p>\n<p class=\"poemas\">unha espera<br \/>\nlenta e obscena<br \/>\nvaise<br \/>\npolos corredores<\/p>\n<p class=\"poemas\">unha imaxe chea de imaxes<br \/>\ndebr\u00fazase<br \/>\nmais e mais<br \/>\ncara \u00e1 inocencia<\/p>\n<blockquote>\n<p class=\"poemas\">(metro les hales)<\/p>\n<\/blockquote>\n<p><img src=\"http:\/\/farm4.static.flickr.com\/3635\/3450031852_c7b8c2a6c3.jpg?v=0\" alt=\"null\" \/><\/p>\n<p class=\"poemas\">&nbsp;<\/p>\n<p class=\"poemas\">transitei centos de cidades<\/p>\n<p class=\"poemas\">chorei<br \/>\nen case todas as linguas<\/p>\n<p><img src=\"http:\/\/farm4.static.flickr.com\/3635\/3450031852_c7b8c2a6c3.jpg?v=0\" alt=\"null\" \/><\/p>\n<p class=\"poemas\">&nbsp;<\/p>\n<p class=\"poemas\">enumero as cousas<br \/>\nque querer\u00eda dicir<br \/>\ne non lembro<\/p>\n<p class=\"poemas\">a palabra necesaria<\/p>\n<p class=\"poemas\">conto fatigas<br \/>\ncoma l\u00e1tegos<\/p>\n<p class=\"poemas\">te\u00f1o a lingua<br \/>\ninchada dos afogados<\/p>\n<p class=\"poemas\">e en cambio non morro<br \/>\naqu\u00ed<br \/>\nna habitaci\u00f3n en penumbras<\/p>\n<p><img src=\"http:\/\/farm4.static.flickr.com\/3635\/3450031852_c7b8c2a6c3.jpg?v=0\" alt=\"null\" \/><\/p>\n<p class=\"poemas\">&nbsp;<\/p>\n<p class=\"poemas\">am\u00e1monos<br \/>\ncoa beira do pudor<br \/>\no pudor da calma<\/p>\n<p class=\"poemas\">bic\u00e1monos a obsesi\u00f3n<\/p>\n<p class=\"poemas\">delimitamos<br \/>\na desidia<\/p>\n<p class=\"poemas\">fomos agonizando<br \/>\nna barca que paira<\/p>\n<p class=\"poemas\">paira<\/p>\n<p class=\"poemas\">preamar<\/p>\n<p><img src=\"http:\/\/farm4.static.flickr.com\/3635\/3450031852_c7b8c2a6c3.jpg?v=0\" alt=\"null\" \/><\/p>\n<p class=\"poemas\">&nbsp;<\/p>\n<p class=\"poemas\">procuro<br \/>\no amor<br \/>\nnas linguas<br \/>\nm\u00e1is puras<\/p>\n<p class=\"poemas\">sombras<br \/>\nsut\u00eds<br \/>\nnunha r\u00faa deserta<\/p>\n<p class=\"poemas\">procuro<br \/>\no perfil dun amor<br \/>\nen toda paisaxe<\/p>\n<p><img src=\"http:\/\/farm4.static.flickr.com\/3635\/3450031852_c7b8c2a6c3.jpg?v=0\" alt=\"null\" \/><\/p>\n<p class=\"poemas\">&nbsp;<\/p>\n<p class=\"poemas\">al\u00ed onde deixaches<br \/>\nabandonado o desexo<\/p>\n<p class=\"poemas\">al\u00ed bate o mar<\/p>\n<p class=\"poemas\">pole pedra<\/p>\n<p><img src=\"http:\/\/farm4.static.flickr.com\/3635\/3450031852_c7b8c2a6c3.jpg?v=0\" alt=\"null\" \/><\/p>\n<p class=\"poemas\">&nbsp;<\/p>\n<p class=\"poemas\">afundo na noite<br \/>\ncoa dozura da gamela na tormenta<\/p>\n<blockquote>\n<p class=\"poemas\">(autorretrato II)<\/p>\n<\/blockquote>\n<p><img src=\"http:\/\/farm4.static.flickr.com\/3635\/3450031852_c7b8c2a6c3.jpg?v=0\" alt=\"null\" \/><\/p>\n<p class=\"poemas\">&nbsp;<\/p>\n<p class=\"poemas\">busco o meu corpo<br \/>\nnas esquinas desertas<br \/>\nnos hospitais<\/p>\n<p><img src=\"http:\/\/farm4.static.flickr.com\/3635\/3450031852_c7b8c2a6c3.jpg?v=0\" alt=\"null\" \/><\/p>\n<p class=\"poemas\">&nbsp;<\/p>\n<p class=\"poemas\">limpas do meu rostro<br \/>\nos restos da derrota<\/p>\n<p class=\"poemas\">purif\u00edcasme coa lingua<br \/>\na lingua profanada<\/p>\n<p class=\"poemas\">porque has amarme<\/p>\n<p class=\"poemas\">hasme ter piedade<br \/>\nou afecto<\/p>\n<p class=\"poemas\">has desexarme<br \/>\nunha noite e outra non<\/p>\n<p class=\"poemas\">porque me miras<\/p>\n","protected":false},"excerpt":{"rendered":"<p>mapas para describir a ausencia &nbsp; I &nbsp; respiro de vagar e co aire atraveso mares monta\u00f1as o espacio que separa os nosos (propios) silencios &nbsp; &nbsp; apreixei o teu ollar cun golpe de man&#8230;<\/p>\n<div class=\"more-link-wrapper\"><a class=\"more-link\" href=\"https:\/\/luagris.net\/blog\/?page_id=43\">[seguir lendo]<span class=\"screen-reader-text\"><\/span><\/a><\/div>\n","protected":false},"author":2,"featured_media":0,"parent":0,"menu_order":0,"comment_status":"closed","ping_status":"closed","template":"","meta":[],"jetpack_sharing_enabled":true,"jetpack_shortlink":"https:\/\/wp.me\/P9ej9C-H","_links":{"self":[{"href":"https:\/\/luagris.net\/blog\/index.php?rest_route=\/wp\/v2\/pages\/43"}],"collection":[{"href":"https:\/\/luagris.net\/blog\/index.php?rest_route=\/wp\/v2\/pages"}],"about":[{"href":"https:\/\/luagris.net\/blog\/index.php?rest_route=\/wp\/v2\/types\/page"}],"author":[{"embeddable":true,"href":"https:\/\/luagris.net\/blog\/index.php?rest_route=\/wp\/v2\/users\/2"}],"replies":[{"embeddable":true,"href":"https:\/\/luagris.net\/blog\/index.php?rest_route=%2Fwp%2Fv2%2Fcomments&post=43"}],"version-history":[{"count":0,"href":"https:\/\/luagris.net\/blog\/index.php?rest_route=\/wp\/v2\/pages\/43\/revisions"}],"wp:attachment":[{"href":"https:\/\/luagris.net\/blog\/index.php?rest_route=%2Fwp%2Fv2%2Fmedia&parent=43"}],"curies":[{"name":"wp","href":"https:\/\/api.w.org\/{rel}","templated":true}]}}